{"id":1987,"date":"2025-12-31T18:35:41","date_gmt":"2025-12-31T17:35:41","guid":{"rendered":"https:\/\/miel-le-goupil.fr\/?page_id=1987"},"modified":"2025-12-31T19:00:22","modified_gmt":"2025-12-31T18:00:22","slug":"production-miel-artisanal","status":"publish","type":"page","link":"https:\/\/miel-le-goupil.fr\/index.php\/savoir-faire-apicole\/production-miel-artisanal\/","title":{"rendered":"Production de notre miel artisanal"},"content":{"rendered":"\n<p>Chez&nbsp;<strong>Miel Le Goupil<\/strong>, nous produisons notre miel dans le respect du rythme naturel des abeilles et du savoir-faire apicole traditionnel.<br>Notre miel est r\u00e9colt\u00e9 \u00e0 partir de&nbsp;<strong>ruches Warr\u00e9<\/strong>, sans transhumance, avec seulement&nbsp;<strong>deux r\u00e9coltes par an<\/strong>, afin de pr\u00e9server la qualit\u00e9 du miel et le bien-\u00eatre des colonies.<\/p>\n\n\n<div class=\"wp-block-image\">\n<figure class=\"aligncenter size-large is-resized\"><img data-recalc-dims=\"1\" loading=\"lazy\" decoding=\"async\" width=\"768\" height=\"1024\" src=\"https:\/\/i0.wp.com\/miel-le-goupil.fr\/wp-content\/uploads\/2025\/04\/img_6876.jpg?resize=768%2C1024&#038;ssl=1\" alt=\"\" class=\"wp-image-1452\" style=\"aspect-ratio:1;object-fit:cover;width:306px;height:auto\" srcset=\"https:\/\/i0.wp.com\/miel-le-goupil.fr\/wp-content\/uploads\/2025\/04\/img_6876.jpg?resize=768%2C1024&amp;ssl=1 768w, https:\/\/i0.wp.com\/miel-le-goupil.fr\/wp-content\/uploads\/2025\/04\/img_6876.jpg?resize=225%2C300&amp;ssl=1 225w, https:\/\/i0.wp.com\/miel-le-goupil.fr\/wp-content\/uploads\/2025\/04\/img_6876.jpg?resize=1152%2C1536&amp;ssl=1 1152w, https:\/\/i0.wp.com\/miel-le-goupil.fr\/wp-content\/uploads\/2025\/04\/img_6876.jpg?resize=1320%2C1760&amp;ssl=1 1320w, https:\/\/i0.wp.com\/miel-le-goupil.fr\/wp-content\/uploads\/2025\/04\/img_6876.jpg?resize=600%2C800&amp;ssl=1 600w, https:\/\/i0.wp.com\/miel-le-goupil.fr\/wp-content\/uploads\/2025\/04\/img_6876.jpg?w=1500&amp;ssl=1 1500w\" sizes=\"auto, (max-width: 768px) 100vw, 768px\" \/><\/figure>\n<\/div>\n\n\n<hr class=\"wp-block-separator has-alpha-channel-opacity\"\/>\n\n\n\n<h2 class=\"wp-block-heading\" id=\"h-une-apiculture-respectueuse-avec-la-ruche-warre\">Une apiculture respectueuse avec la ruche Warr\u00e9<\/h2>\n\n\n\n<p>Nous utilisons des&nbsp;<strong>ruches Warr\u00e9<\/strong>, un mod\u00e8le de ruche dit \u201cpopulaire\u201d, con\u00e7u pour se rapprocher au maximum du fonctionnement naturel de l\u2019abeille.<\/p>\n\n\n\n<p>Dans ce type de ruche :<\/p>\n\n\n\n<ul class=\"wp-block-list\">\n<li>les abeilles b\u00e2tissent elles-m\u00eames leurs rayons<\/li>\n\n\n\n<li>les cadres ne sont pas fil\u00e9s<\/li>\n\n\n\n<li>la colonie est moins perturb\u00e9e<\/li>\n<\/ul>\n\n\n\n<p>Cette m\u00e9thode favorise une apiculture douce, plus proche de la biologie naturelle de l\u2019abeille, et permet d\u2019obtenir un miel&nbsp;<strong>authentique et de caract\u00e8re<\/strong>.<\/p>\n\n\n<div class=\"wp-block-image is-style-rounded\">\n<figure class=\"aligncenter size-large is-resized\"><img data-recalc-dims=\"1\" loading=\"lazy\" decoding=\"async\" width=\"768\" height=\"1024\" src=\"https:\/\/i0.wp.com\/miel-le-goupil.fr\/wp-content\/uploads\/2024\/06\/img_1850.jpeg?resize=768%2C1024&#038;ssl=1\" alt=\"\" class=\"wp-image-516\" style=\"width:528px;height:auto\" srcset=\"https:\/\/i0.wp.com\/miel-le-goupil.fr\/wp-content\/uploads\/2024\/06\/img_1850-scaled.jpeg?resize=768%2C1024&amp;ssl=1 768w, https:\/\/i0.wp.com\/miel-le-goupil.fr\/wp-content\/uploads\/2024\/06\/img_1850-scaled.jpeg?resize=225%2C300&amp;ssl=1 225w, https:\/\/i0.wp.com\/miel-le-goupil.fr\/wp-content\/uploads\/2024\/06\/img_1850-scaled.jpeg?resize=1152%2C1536&amp;ssl=1 1152w, https:\/\/i0.wp.com\/miel-le-goupil.fr\/wp-content\/uploads\/2024\/06\/img_1850-scaled.jpeg?resize=1536%2C2048&amp;ssl=1 1536w, https:\/\/i0.wp.com\/miel-le-goupil.fr\/wp-content\/uploads\/2024\/06\/img_1850-scaled.jpeg?resize=1320%2C1760&amp;ssl=1 1320w, https:\/\/i0.wp.com\/miel-le-goupil.fr\/wp-content\/uploads\/2024\/06\/img_1850-scaled.jpeg?resize=600%2C800&amp;ssl=1 600w, https:\/\/i0.wp.com\/miel-le-goupil.fr\/wp-content\/uploads\/2024\/06\/img_1850-scaled.jpeg?w=1920&amp;ssl=1 1920w\" sizes=\"auto, (max-width: 768px) 100vw, 768px\" \/><\/figure>\n<\/div>\n\n\n<hr class=\"wp-block-separator has-alpha-channel-opacity\"\/>\n\n\n\n<h2 class=\"wp-block-heading\" id=\"h-deux-recoltes-par-an-sans-transhumance\">Deux r\u00e9coltes par an, sans transhumance<\/h2>\n\n\n\n<p>Nous ne pratiquons pas la transhumance.<br>Nos ruches restent toute l\u2019ann\u00e9e sur le m\u00eame territoire (l&rsquo;Artois) dans le\u00a0<strong>Pas-de-Calais<\/strong>, o\u00f9 les abeilles butinent la flore locale.<\/p>\n\n\n\n<p>Nous r\u00e9alisons uniquement :<\/p>\n\n\n\n<ul class=\"wp-block-list\">\n<li>une\u00a0<strong>r\u00e9colte de miel de printemps<\/strong><\/li>\n\n\n\n<li>une\u00a0<strong>r\u00e9colte de miel d\u2019\u00e9t\u00e9<\/strong><\/li>\n<\/ul>\n\n\n\n<p>Ces miels ne sont pas des miels mono-floraux. Ils refl\u00e8tent la diversit\u00e9 des fleurs butin\u00e9es au fil des saisons, ce qui leur conf\u00e8re une&nbsp;<strong>richesse aromatique plus complexe<\/strong>.<\/p>\n\n\n\n<figure class=\"wp-block-image size-large is-style-rounded\"><img data-recalc-dims=\"1\" loading=\"lazy\" decoding=\"async\" width=\"768\" height=\"1024\" src=\"https:\/\/i0.wp.com\/miel-le-goupil.fr\/wp-content\/uploads\/2025\/02\/IMG_6080.jpeg?resize=768%2C1024&#038;ssl=1\" alt=\"une abeille avec du pollen sur le doigt\" class=\"wp-image-955\" srcset=\"https:\/\/i0.wp.com\/miel-le-goupil.fr\/wp-content\/uploads\/2025\/02\/IMG_6080-scaled.jpeg?resize=768%2C1024&amp;ssl=1 768w, https:\/\/i0.wp.com\/miel-le-goupil.fr\/wp-content\/uploads\/2025\/02\/IMG_6080-scaled.jpeg?resize=225%2C300&amp;ssl=1 225w, https:\/\/i0.wp.com\/miel-le-goupil.fr\/wp-content\/uploads\/2025\/02\/IMG_6080-scaled.jpeg?resize=1152%2C1536&amp;ssl=1 1152w, https:\/\/i0.wp.com\/miel-le-goupil.fr\/wp-content\/uploads\/2025\/02\/IMG_6080-scaled.jpeg?resize=1536%2C2048&amp;ssl=1 1536w, https:\/\/i0.wp.com\/miel-le-goupil.fr\/wp-content\/uploads\/2025\/02\/IMG_6080-scaled.jpeg?resize=1320%2C1760&amp;ssl=1 1320w, https:\/\/i0.wp.com\/miel-le-goupil.fr\/wp-content\/uploads\/2025\/02\/IMG_6080-scaled.jpeg?resize=600%2C800&amp;ssl=1 600w, https:\/\/i0.wp.com\/miel-le-goupil.fr\/wp-content\/uploads\/2025\/02\/IMG_6080-scaled.jpeg?w=1920&amp;ssl=1 1920w\" sizes=\"auto, (max-width: 768px) 100vw, 768px\" \/><\/figure>\n\n\n\n<hr class=\"wp-block-separator has-alpha-channel-opacity\"\/>\n\n\n\n<h2 class=\"wp-block-heading\" id=\"h-une-recolte-traditionnelle-sans-centrifugeuse\">Une r\u00e9colte traditionnelle, sans centrifugeuse<\/h2>\n\n\n\n<p>Contrairement \u00e0 une production industrielle, nous n\u2019utilisons&nbsp;<strong>pas de centrifugeuse<\/strong>.<\/p>\n\n\n\n<p>La r\u00e9colte se fait selon une m\u00e9thode traditionnelle :<\/p>\n\n\n\n<ul class=\"wp-block-list\">\n<li>les rayons de miel sont sortis de la ruche<\/li>\n\n\n\n<li>ils sont ensuite\u00a0<strong>d\u00e9coup\u00e9s<\/strong><\/li>\n\n\n\n<li><strong>broy\u00e9s<\/strong><\/li>\n\n\n\n<li>puis\u00a0<strong>press\u00e9s m\u00e9caniquement<\/strong><\/li>\n<\/ul>\n\n\n\n<p>Ce proc\u00e9d\u00e9 doux permet d\u2019extraire le miel tout en conservant une partie des \u00e9l\u00e9ments naturellement pr\u00e9sents dans les rayons.<\/p>\n\n\n\n<hr class=\"wp-block-separator has-alpha-channel-opacity\"\/>\n\n\n\n<h2 class=\"wp-block-heading\" id=\"h-un-miel-plus-fort-en-gout-et-plus-authentique\">Un miel plus fort en go\u00fbt et plus authentique<\/h2>\n\n\n\n<p>Le miel obtenu par pressage est :<\/p>\n\n\n\n<ul class=\"wp-block-list\">\n<li>plus riche en ar\u00f4mes<\/li>\n\n\n\n<li>plus intense en go\u00fbt<\/li>\n\n\n\n<li>plus typ\u00e9 selon la saison<\/li>\n<\/ul>\n\n\n\n<p>Il conserve ainsi toute l\u2019expression du travail des abeilles et du terroir local.<br>Chaque pot de miel est le r\u00e9sultat d\u2019un&nbsp;<strong>travail lent<\/strong>, respectueux, et d\u2019une r\u00e9colte volontairement limit\u00e9e.<\/p>\n\n\n\n<hr class=\"wp-block-separator has-alpha-channel-opacity\"\/>\n\n\n\n<h2 class=\"wp-block-heading\" id=\"h-une-production-locale-dans-le-pas-de-calais\">Une production locale dans le Pas-de-Calais<\/h2>\n\n\n\n<p>Notre miel est produit \u00e0\u00a0<strong>Acq (62)<\/strong>, en circuit court.<br>Nous privil\u00e9gions la qualit\u00e9 \u00e0 la quantit\u00e9, avec une production raisonn\u00e9e et une vente principalement en direct.<\/p>\n\n\n\n<p>Il est possible de commander notre miel via le site internet, ou de&nbsp;<strong>venir le retirer sur place<\/strong>, directement chez l\u2019apiculteur.<\/p>\n\n\n\n<hr class=\"wp-block-separator has-alpha-channel-opacity\"\/>\n\n\n\n<h2 class=\"wp-block-heading\" id=\"h-le-miel-miel-le-goupil\">Le miel Miel Le Goupil<\/h2>\n\n\n\n<p>Notre miel est le reflet :<\/p>\n\n\n\n<ul class=\"wp-block-list\">\n<li>d\u2019une apiculture respectueuse<\/li>\n\n\n\n<li>d\u2019un travail artisanal<\/li>\n\n\n\n<li>d\u2019un territoire et de ses saisons<\/li>\n<\/ul>\n\n\n<div class=\"wp-block-image is-style-rounded\">\n<figure class=\"aligncenter size-large is-resized\"><img data-recalc-dims=\"1\" loading=\"lazy\" decoding=\"async\" width=\"768\" height=\"1024\" src=\"https:\/\/i0.wp.com\/miel-le-goupil.fr\/wp-content\/uploads\/2024\/01\/img_8626.jpeg?resize=768%2C1024&#038;ssl=1\" alt=\"\" class=\"wp-image-1720\" style=\"aspect-ratio:9\/16;object-fit:cover;width:408px;height:auto\" srcset=\"https:\/\/i0.wp.com\/miel-le-goupil.fr\/wp-content\/uploads\/2024\/01\/img_8626-scaled.jpeg?resize=768%2C1024&amp;ssl=1 768w, https:\/\/i0.wp.com\/miel-le-goupil.fr\/wp-content\/uploads\/2024\/01\/img_8626-scaled.jpeg?resize=225%2C300&amp;ssl=1 225w, https:\/\/i0.wp.com\/miel-le-goupil.fr\/wp-content\/uploads\/2024\/01\/img_8626-scaled.jpeg?resize=1152%2C1536&amp;ssl=1 1152w, https:\/\/i0.wp.com\/miel-le-goupil.fr\/wp-content\/uploads\/2024\/01\/img_8626-scaled.jpeg?resize=1536%2C2048&amp;ssl=1 1536w, https:\/\/i0.wp.com\/miel-le-goupil.fr\/wp-content\/uploads\/2024\/01\/img_8626-scaled.jpeg?resize=1320%2C1760&amp;ssl=1 1320w, https:\/\/i0.wp.com\/miel-le-goupil.fr\/wp-content\/uploads\/2024\/01\/img_8626-scaled.jpeg?resize=600%2C800&amp;ssl=1 600w, https:\/\/i0.wp.com\/miel-le-goupil.fr\/wp-content\/uploads\/2024\/01\/img_8626-scaled.jpeg?w=1920&amp;ssl=1 1920w\" sizes=\"auto, (max-width: 768px) 100vw, 768px\" \/><\/figure>\n<\/div>\n\n\n<p>\ud83d\udc49 D\u00e9couvrez nos miels de printemps et d\u2019\u00e9t\u00e9 dans notre <a href=\"https:\/\/miel-le-goupil.fr\/index.php\/product-category\/miels\/\" target=\"_blank\" rel=\"noreferrer noopener\">boutique en ligne<\/a>.<\/p>\n\n\n\n<p><\/p>\n","protected":false},"excerpt":{"rendered":"<p>Chez&nbsp;Miel Le Goupil, nous produisons notre miel dans le respect du rythme naturel des abeilles et du savoir-faire apicole traditionnel.Notre miel est r\u00e9colt\u00e9 \u00e0 partir de&nbsp;ruches Warr\u00e9, sans transhumance, avec seulement&nbsp;deux r\u00e9coltes par an, afin de pr\u00e9server la qualit\u00e9 du miel et le bien-\u00eatre des colonies. Une apiculture respectueuse avec la ruche Warr\u00e9 Nous utilisons [&hellip;]<\/p>\n","protected":false},"author":1,"featured_media":0,"parent":1985,"menu_order":0,"comment_status":"closed","ping_status":"closed","template":"","meta":{"ocean_post_layout":"","ocean_both_sidebars_style":"","ocean_both_sidebars_content_width":0,"ocean_both_sidebars_sidebars_width":0,"ocean_sidebar":"","ocean_second_sidebar":"","ocean_disable_margins":"enable","ocean_add_body_class":"","ocean_shortcode_before_top_bar":"","ocean_shortcode_after_top_bar":"","ocean_shortcode_before_header":"","ocean_shortcode_after_header":"","ocean_has_shortcode":"","ocean_shortcode_after_title":"","ocean_shortcode_before_footer_widgets":"","ocean_shortcode_after_footer_widgets":"","ocean_shortcode_before_footer_bottom":"","ocean_shortcode_after_footer_bottom":"","ocean_display_top_bar":"default","ocean_display_header":"default","ocean_header_style":"","ocean_center_header_left_menu":"","ocean_custom_header_template":"","ocean_custom_logo":0,"ocean_custom_retina_logo":0,"ocean_custom_logo_max_width":0,"ocean_custom_logo_tablet_max_width":0,"ocean_custom_logo_mobile_max_width":0,"ocean_custom_logo_max_height":0,"ocean_custom_logo_tablet_max_height":0,"ocean_custom_logo_mobile_max_height":0,"ocean_header_custom_menu":"","ocean_menu_typo_font_family":"","ocean_menu_typo_font_subset":"","ocean_menu_typo_font_size":0,"ocean_menu_typo_font_size_tablet":0,"ocean_menu_typo_font_size_mobile":0,"ocean_menu_typo_font_size_unit":"px","ocean_menu_typo_font_weight":"","ocean_menu_typo_font_weight_tablet":"","ocean_menu_typo_font_weight_mobile":"","ocean_menu_typo_transform":"","ocean_menu_typo_transform_tablet":"","ocean_menu_typo_transform_mobile":"","ocean_menu_typo_line_height":0,"ocean_menu_typo_line_height_tablet":0,"ocean_menu_typo_line_height_mobile":0,"ocean_menu_typo_line_height_unit":"","ocean_menu_typo_spacing":0,"ocean_menu_typo_spacing_tablet":0,"ocean_menu_typo_spacing_mobile":0,"ocean_menu_typo_spacing_unit":"","ocean_menu_link_color":"","ocean_menu_link_color_hover":"","ocean_menu_link_color_active":"","ocean_menu_link_background":"","ocean_menu_link_hover_background":"","ocean_menu_link_active_background":"","ocean_menu_social_links_bg":"","ocean_menu_social_hover_links_bg":"","ocean_menu_social_links_color":"","ocean_menu_social_hover_links_color":"","ocean_disable_title":"default","ocean_disable_heading":"default","ocean_post_title":"","ocean_post_subheading":"","ocean_post_title_style":"","ocean_post_title_background_color":"","ocean_post_title_background":0,"ocean_post_title_bg_image_position":"","ocean_post_title_bg_image_attachment":"","ocean_post_title_bg_image_repeat":"","ocean_post_title_bg_image_size":"","ocean_post_title_height":0,"ocean_post_title_bg_overlay":0.5,"ocean_post_title_bg_overlay_color":"","ocean_disable_breadcrumbs":"default","ocean_breadcrumbs_color":"","ocean_breadcrumbs_separator_color":"","ocean_breadcrumbs_links_color":"","ocean_breadcrumbs_links_hover_color":"","ocean_display_footer_widgets":"default","ocean_display_footer_bottom":"default","ocean_custom_footer_template":"","jetpack_post_was_ever_published":false,"footnotes":""},"class_list":["post-1987","page","type-page","status-publish","hentry","entry","owp-thumbs-layout-horizontal","owp-btn-normal","owp-tabs-layout-section","has-no-thumbnails","has-product-nav"],"yoast_head":"<!-- This site is optimized with the Yoast SEO Premium plugin v26.5 (Yoast SEO v27.5) - https:\/\/yoast.com\/product\/yoast-seo-premium-wordpress\/ -->\n<title>Production de notre miel artisanal \u2013 Ruches Warr\u00e9 | Miel Le Goupil<\/title>\n<meta name=\"description\" content=\"D\u00e9couvrez comment nous produisons notre miel artisanal en ruches Warr\u00e9, sans centrifugeuse, avec deux r\u00e9coltes par an, dans le Pas-de-Calais.\" \/>\n<meta name=\"robots\" content=\"index, follow, max-snippet:-1, max-image-preview:large, max-video-preview:-1\" \/>\n<link rel=\"canonical\" href=\"https:\/\/miel-le-goupil.fr\/index.php\/savoir-faire-apicole\/production-miel-artisanal\/\" \/>\n<meta property=\"og:locale\" content=\"fr_FR\" \/>\n<meta property=\"og:type\" content=\"article\" \/>\n<meta property=\"og:title\" content=\"Production de notre miel artisanal\" \/>\n<meta property=\"og:description\" content=\"D\u00e9couvrez comment nous produisons notre miel artisanal en ruches Warr\u00e9, sans centrifugeuse, avec deux r\u00e9coltes par an, dans le Pas-de-Calais.\" \/>\n<meta property=\"og:url\" content=\"https:\/\/miel-le-goupil.fr\/index.php\/savoir-faire-apicole\/production-miel-artisanal\/\" \/>\n<meta property=\"og:site_name\" content=\"Miel Le Goupil\" \/>\n<meta property=\"article:publisher\" content=\"https:\/\/www.facebook.com\/profile.php?id=100085690041392\" \/>\n<meta property=\"article:modified_time\" content=\"2025-12-31T18:00:22+00:00\" \/>\n<meta property=\"og:image\" content=\"https:\/\/miel-le-goupil.fr\/wp-content\/uploads\/2025\/04\/img_6876-768x1024.jpg\" \/>\n<meta name=\"twitter:card\" content=\"summary_large_image\" \/>\n<meta name=\"twitter:label1\" content=\"Dur\u00e9e de lecture estim\u00e9e\" \/>\n\t<meta name=\"twitter:data1\" content=\"3 minutes\" \/>\n<script type=\"application\/ld+json\" class=\"yoast-schema-graph\">{\"@context\":\"https:\\\/\\\/schema.org\",\"@graph\":[{\"@type\":\"WebPage\",\"@id\":\"https:\\\/\\\/miel-le-goupil.fr\\\/index.php\\\/savoir-faire-apicole\\\/production-miel-artisanal\\\/\",\"url\":\"https:\\\/\\\/miel-le-goupil.fr\\\/index.php\\\/savoir-faire-apicole\\\/production-miel-artisanal\\\/\",\"name\":\"Production de notre miel artisanal \u2013 Ruches Warr\u00e9 | Miel Le Goupil\",\"isPartOf\":{\"@id\":\"https:\\\/\\\/miel-le-goupil.fr\\\/#website\"},\"primaryImageOfPage\":{\"@id\":\"https:\\\/\\\/miel-le-goupil.fr\\\/index.php\\\/savoir-faire-apicole\\\/production-miel-artisanal\\\/#primaryimage\"},\"image\":{\"@id\":\"https:\\\/\\\/miel-le-goupil.fr\\\/index.php\\\/savoir-faire-apicole\\\/production-miel-artisanal\\\/#primaryimage\"},\"thumbnailUrl\":\"https:\\\/\\\/miel-le-goupil.fr\\\/wp-content\\\/uploads\\\/2025\\\/04\\\/img_6876-768x1024.jpg\",\"datePublished\":\"2025-12-31T17:35:41+00:00\",\"dateModified\":\"2025-12-31T18:00:22+00:00\",\"description\":\"D\u00e9couvrez comment nous produisons notre miel artisanal en ruches Warr\u00e9, sans centrifugeuse, avec deux r\u00e9coltes par an, dans le Pas-de-Calais.\",\"breadcrumb\":{\"@id\":\"https:\\\/\\\/miel-le-goupil.fr\\\/index.php\\\/savoir-faire-apicole\\\/production-miel-artisanal\\\/#breadcrumb\"},\"inLanguage\":\"fr-FR\",\"potentialAction\":[{\"@type\":\"ReadAction\",\"target\":[\"https:\\\/\\\/miel-le-goupil.fr\\\/index.php\\\/savoir-faire-apicole\\\/production-miel-artisanal\\\/\"]}]},{\"@type\":\"ImageObject\",\"inLanguage\":\"fr-FR\",\"@id\":\"https:\\\/\\\/miel-le-goupil.fr\\\/index.php\\\/savoir-faire-apicole\\\/production-miel-artisanal\\\/#primaryimage\",\"url\":\"https:\\\/\\\/i0.wp.com\\\/miel-le-goupil.fr\\\/wp-content\\\/uploads\\\/2025\\\/04\\\/img_6876.jpg?fit=1500%2C2000&ssl=1\",\"contentUrl\":\"https:\\\/\\\/i0.wp.com\\\/miel-le-goupil.fr\\\/wp-content\\\/uploads\\\/2025\\\/04\\\/img_6876.jpg?fit=1500%2C2000&ssl=1\",\"width\":1500,\"height\":2000},{\"@type\":\"BreadcrumbList\",\"@id\":\"https:\\\/\\\/miel-le-goupil.fr\\\/index.php\\\/savoir-faire-apicole\\\/production-miel-artisanal\\\/#breadcrumb\",\"itemListElement\":[{\"@type\":\"ListItem\",\"position\":1,\"name\":\"Accueil\",\"item\":\"https:\\\/\\\/miel-le-goupil.fr\\\/\"},{\"@type\":\"ListItem\",\"position\":2,\"name\":\"Notre savoir-faire apicole\",\"item\":\"https:\\\/\\\/miel-le-goupil.fr\\\/index.php\\\/savoir-faire-apicole\\\/\"},{\"@type\":\"ListItem\",\"position\":3,\"name\":\"Production de notre miel artisanal\"}]},{\"@type\":\"WebSite\",\"@id\":\"https:\\\/\\\/miel-le-goupil.fr\\\/#website\",\"url\":\"https:\\\/\\\/miel-le-goupil.fr\\\/\",\"name\":\"Miel-Le-Goupil\",\"description\":\"Vente de miels le Goupil - producteur r\u00e9coltant\",\"publisher\":{\"@id\":\"https:\\\/\\\/miel-le-goupil.fr\\\/#organization\"},\"alternateName\":\"Miel Le Goupil\",\"potentialAction\":[{\"@type\":\"SearchAction\",\"target\":{\"@type\":\"EntryPoint\",\"urlTemplate\":\"https:\\\/\\\/miel-le-goupil.fr\\\/?s={search_term_string}\"},\"query-input\":{\"@type\":\"PropertyValueSpecification\",\"valueRequired\":true,\"valueName\":\"search_term_string\"}}],\"inLanguage\":\"fr-FR\"},{\"@type\":[\"Organization\",\"Place\"],\"@id\":\"https:\\\/\\\/miel-le-goupil.fr\\\/#organization\",\"name\":\"Miel Le Goupil\",\"alternateName\":\"Monsieur\",\"url\":\"https:\\\/\\\/miel-le-goupil.fr\\\/\",\"logo\":{\"@id\":\"https:\\\/\\\/miel-le-goupil.fr\\\/index.php\\\/savoir-faire-apicole\\\/production-miel-artisanal\\\/#local-main-organization-logo\"},\"image\":{\"@id\":\"https:\\\/\\\/miel-le-goupil.fr\\\/index.php\\\/savoir-faire-apicole\\\/production-miel-artisanal\\\/#local-main-organization-logo\"},\"sameAs\":[\"https:\\\/\\\/www.facebook.com\\\/profile.php?id=100085690041392\"],\"description\":\"Apiculteur produisant et r\u00e9coltant du miel, mais \u00e9galement du pollen. Le site Miel-Le-Goupil est une boutique en ligne proposant des produits en lien avec l'apiculture.\",\"legalName\":\"miel le goupil\",\"foundingDate\":\"2024-01-01\",\"publishingPrinciples\":\"https:\\\/\\\/miel-le-goupil.fr\\\/index.php\\\/politique-de-confidentialite\\\/\",\"actionableFeedbackPolicy\":\"https:\\\/\\\/miel-le-goupil.fr\\\/index.php\\\/refund_returns\\\/\",\"hasMerchantReturnPolicy\":{\"@type\":\"MerchantReturnPolicy\",\"merchantReturnLink\":\"https:\\\/\\\/miel-le-goupil.fr\\\/index.php\\\/refund_returns\\\/\"},\"address\":{\"@id\":\"https:\\\/\\\/miel-le-goupil.fr\\\/index.php\\\/savoir-faire-apicole\\\/production-miel-artisanal\\\/#local-main-place-address\"},\"geo\":{\"@type\":\"GeoCoordinates\",\"latitude\":\"50.35013876685057\",\"longitude\":\"2.66141816347962\"},\"telephone\":[],\"contactPoint\":{\"@type\":\"ContactPoint\",\"telephone\":\"0631607332\",\"email\":\"contact@miel-le-goupil.fr\"},\"openingHoursSpecification\":[{\"@type\":\"OpeningHoursSpecification\",\"dayOfWeek\":[\"Monday\",\"Friday\"],\"opens\":\"08:30\",\"closes\":\"19:30\"},{\"@type\":\"OpeningHoursSpecification\",\"dayOfWeek\":[\"Tuesday\",\"Wednesday\",\"Thursday\",\"Sunday\"],\"opens\":\"00:00\",\"closes\":\"00:00\"},{\"@type\":\"OpeningHoursSpecification\",\"dayOfWeek\":[\"Saturday\"],\"opens\":\"10:00\",\"closes\":\"19:30\"}],\"taxID\":\"91966321100028\"},{\"@type\":\"PostalAddress\",\"@id\":\"https:\\\/\\\/miel-le-goupil.fr\\\/index.php\\\/savoir-faire-apicole\\\/production-miel-artisanal\\\/#local-main-place-address\",\"streetAddress\":\"16 chemin salbert\",\"addressLocality\":\"Acq\",\"postalCode\":\"62144\",\"addressCountry\":\"FR\"},{\"@type\":\"ImageObject\",\"inLanguage\":\"fr-FR\",\"@id\":\"https:\\\/\\\/miel-le-goupil.fr\\\/index.php\\\/savoir-faire-apicole\\\/production-miel-artisanal\\\/#local-main-organization-logo\",\"url\":\"https:\\\/\\\/i0.wp.com\\\/miel-le-goupil.fr\\\/wp-content\\\/uploads\\\/2024\\\/01\\\/cropped-logo.png?fit=512%2C512&ssl=1\",\"contentUrl\":\"https:\\\/\\\/i0.wp.com\\\/miel-le-goupil.fr\\\/wp-content\\\/uploads\\\/2024\\\/01\\\/cropped-logo.png?fit=512%2C512&ssl=1\",\"width\":512,\"height\":512,\"caption\":\"Miel Le Goupil\"}]}<\/script>\n<meta name=\"geo.placename\" content=\"Acq\" \/>\n<meta name=\"geo.position\" content=\"50.35013876685057;2.66141816347962\" \/>\n<meta name=\"geo.region\" content=\"France\" \/>\n<!-- \/ Yoast SEO Premium plugin. -->","yoast_head_json":{"title":"Production de notre miel artisanal \u2013 Ruches Warr\u00e9 | Miel Le Goupil","description":"D\u00e9couvrez comment nous produisons notre miel artisanal en ruches Warr\u00e9, sans centrifugeuse, avec deux r\u00e9coltes par an, dans le Pas-de-Calais.","robots":{"index":"index","follow":"follow","max-snippet":"max-snippet:-1","max-image-preview":"max-image-preview:large","max-video-preview":"max-video-preview:-1"},"canonical":"https:\/\/miel-le-goupil.fr\/index.php\/savoir-faire-apicole\/production-miel-artisanal\/","og_locale":"fr_FR","og_type":"article","og_title":"Production de notre miel artisanal","og_description":"D\u00e9couvrez comment nous produisons notre miel artisanal en ruches Warr\u00e9, sans centrifugeuse, avec deux r\u00e9coltes par an, dans le Pas-de-Calais.","og_url":"https:\/\/miel-le-goupil.fr\/index.php\/savoir-faire-apicole\/production-miel-artisanal\/","og_site_name":"Miel Le Goupil","article_publisher":"https:\/\/www.facebook.com\/profile.php?id=100085690041392","article_modified_time":"2025-12-31T18:00:22+00:00","og_image":[{"url":"https:\/\/miel-le-goupil.fr\/wp-content\/uploads\/2025\/04\/img_6876-768x1024.jpg","type":"","width":"","height":""}],"twitter_card":"summary_large_image","twitter_misc":{"Dur\u00e9e de lecture estim\u00e9e":"3 minutes"},"schema":{"@context":"https:\/\/schema.org","@graph":[{"@type":"WebPage","@id":"https:\/\/miel-le-goupil.fr\/index.php\/savoir-faire-apicole\/production-miel-artisanal\/","url":"https:\/\/miel-le-goupil.fr\/index.php\/savoir-faire-apicole\/production-miel-artisanal\/","name":"Production de notre miel artisanal \u2013 Ruches Warr\u00e9 | Miel Le Goupil","isPartOf":{"@id":"https:\/\/miel-le-goupil.fr\/#website"},"primaryImageOfPage":{"@id":"https:\/\/miel-le-goupil.fr\/index.php\/savoir-faire-apicole\/production-miel-artisanal\/#primaryimage"},"image":{"@id":"https:\/\/miel-le-goupil.fr\/index.php\/savoir-faire-apicole\/production-miel-artisanal\/#primaryimage"},"thumbnailUrl":"https:\/\/miel-le-goupil.fr\/wp-content\/uploads\/2025\/04\/img_6876-768x1024.jpg","datePublished":"2025-12-31T17:35:41+00:00","dateModified":"2025-12-31T18:00:22+00:00","description":"D\u00e9couvrez comment nous produisons notre miel artisanal en ruches Warr\u00e9, sans centrifugeuse, avec deux r\u00e9coltes par an, dans le Pas-de-Calais.","breadcrumb":{"@id":"https:\/\/miel-le-goupil.fr\/index.php\/savoir-faire-apicole\/production-miel-artisanal\/#breadcrumb"},"inLanguage":"fr-FR","potentialAction":[{"@type":"ReadAction","target":["https:\/\/miel-le-goupil.fr\/index.php\/savoir-faire-apicole\/production-miel-artisanal\/"]}]},{"@type":"ImageObject","inLanguage":"fr-FR","@id":"https:\/\/miel-le-goupil.fr\/index.php\/savoir-faire-apicole\/production-miel-artisanal\/#primaryimage","url":"https:\/\/i0.wp.com\/miel-le-goupil.fr\/wp-content\/uploads\/2025\/04\/img_6876.jpg?fit=1500%2C2000&ssl=1","contentUrl":"https:\/\/i0.wp.com\/miel-le-goupil.fr\/wp-content\/uploads\/2025\/04\/img_6876.jpg?fit=1500%2C2000&ssl=1","width":1500,"height":2000},{"@type":"BreadcrumbList","@id":"https:\/\/miel-le-goupil.fr\/index.php\/savoir-faire-apicole\/production-miel-artisanal\/#breadcrumb","itemListElement":[{"@type":"ListItem","position":1,"name":"Accueil","item":"https:\/\/miel-le-goupil.fr\/"},{"@type":"ListItem","position":2,"name":"Notre savoir-faire apicole","item":"https:\/\/miel-le-goupil.fr\/index.php\/savoir-faire-apicole\/"},{"@type":"ListItem","position":3,"name":"Production de notre miel artisanal"}]},{"@type":"WebSite","@id":"https:\/\/miel-le-goupil.fr\/#website","url":"https:\/\/miel-le-goupil.fr\/","name":"Miel-Le-Goupil","description":"Vente de miels le Goupil - producteur r\u00e9coltant","publisher":{"@id":"https:\/\/miel-le-goupil.fr\/#organization"},"alternateName":"Miel Le Goupil","potentialAction":[{"@type":"SearchAction","target":{"@type":"EntryPoint","urlTemplate":"https:\/\/miel-le-goupil.fr\/?s={search_term_string}"},"query-input":{"@type":"PropertyValueSpecification","valueRequired":true,"valueName":"search_term_string"}}],"inLanguage":"fr-FR"},{"@type":["Organization","Place"],"@id":"https:\/\/miel-le-goupil.fr\/#organization","name":"Miel Le Goupil","alternateName":"Monsieur","url":"https:\/\/miel-le-goupil.fr\/","logo":{"@id":"https:\/\/miel-le-goupil.fr\/index.php\/savoir-faire-apicole\/production-miel-artisanal\/#local-main-organization-logo"},"image":{"@id":"https:\/\/miel-le-goupil.fr\/index.php\/savoir-faire-apicole\/production-miel-artisanal\/#local-main-organization-logo"},"sameAs":["https:\/\/www.facebook.com\/profile.php?id=100085690041392"],"description":"Apiculteur produisant et r\u00e9coltant du miel, mais \u00e9galement du pollen. Le site Miel-Le-Goupil est une boutique en ligne proposant des produits en lien avec l'apiculture.","legalName":"miel le goupil","foundingDate":"2024-01-01","publishingPrinciples":"https:\/\/miel-le-goupil.fr\/index.php\/politique-de-confidentialite\/","actionableFeedbackPolicy":"https:\/\/miel-le-goupil.fr\/index.php\/refund_returns\/","hasMerchantReturnPolicy":{"@type":"MerchantReturnPolicy","merchantReturnLink":"https:\/\/miel-le-goupil.fr\/index.php\/refund_returns\/"},"address":{"@id":"https:\/\/miel-le-goupil.fr\/index.php\/savoir-faire-apicole\/production-miel-artisanal\/#local-main-place-address"},"geo":{"@type":"GeoCoordinates","latitude":"50.35013876685057","longitude":"2.66141816347962"},"telephone":[],"contactPoint":{"@type":"ContactPoint","telephone":"0631607332","email":"contact@miel-le-goupil.fr"},"openingHoursSpecification":[{"@type":"OpeningHoursSpecification","dayOfWeek":["Monday","Friday"],"opens":"08:30","closes":"19:30"},{"@type":"OpeningHoursSpecification","dayOfWeek":["Tuesday","Wednesday","Thursday","Sunday"],"opens":"00:00","closes":"00:00"},{"@type":"OpeningHoursSpecification","dayOfWeek":["Saturday"],"opens":"10:00","closes":"19:30"}],"taxID":"91966321100028"},{"@type":"PostalAddress","@id":"https:\/\/miel-le-goupil.fr\/index.php\/savoir-faire-apicole\/production-miel-artisanal\/#local-main-place-address","streetAddress":"16 chemin salbert","addressLocality":"Acq","postalCode":"62144","addressCountry":"FR"},{"@type":"ImageObject","inLanguage":"fr-FR","@id":"https:\/\/miel-le-goupil.fr\/index.php\/savoir-faire-apicole\/production-miel-artisanal\/#local-main-organization-logo","url":"https:\/\/i0.wp.com\/miel-le-goupil.fr\/wp-content\/uploads\/2024\/01\/cropped-logo.png?fit=512%2C512&ssl=1","contentUrl":"https:\/\/i0.wp.com\/miel-le-goupil.fr\/wp-content\/uploads\/2024\/01\/cropped-logo.png?fit=512%2C512&ssl=1","width":512,"height":512,"caption":"Miel Le Goupil"}]},"geo.placename":"Acq","geo.position":{"lat":"50.35013876685057","long":"2.66141816347962"},"geo.region":"France"},"_hostinger_reach_plugin_has_subscription_block":false,"_hostinger_reach_plugin_is_elementor":false,"jetpack_sharing_enabled":true,"jetpack_likes_enabled":true,"jetpack-related-posts":[{"id":1985,"url":"https:\/\/miel-le-goupil.fr\/index.php\/savoir-faire-apicole\/","url_meta":{"origin":1987,"position":0},"title":"Notre savoir-faire apicole","author":"goupil.thomas","date":"31 d\u00e9cembre 2025","format":false,"excerpt":"Chez\u00a0Miel Le Goupil, notre travail repose sur une apiculture artisanale, respectueuse des abeilles et de leur environnement.Install\u00e9s \u00e0\u00a0Acq, dans le Pas-de-Calais, nous produisons et transformons nous-m\u00eames les ressources de la ruche :\u00a0le miel, le pollen et la cire d\u2019abeille. Chaque produit que nous proposons est le r\u00e9sultat d\u2019un savoir-faire ma\u00eetris\u00e9,\u2026","rel":"","context":"Article similaire","block_context":{"text":"Article similaire","link":""},"img":{"alt_text":"","src":"https:\/\/i0.wp.com\/miel-le-goupil.fr\/wp-content\/uploads\/2024\/01\/IMG_7308-scaled.jpg?resize=350%2C200&ssl=1","width":350,"height":200,"srcset":"https:\/\/i0.wp.com\/miel-le-goupil.fr\/wp-content\/uploads\/2024\/01\/IMG_7308-scaled.jpg?resize=350%2C200&ssl=1 1x, https:\/\/i0.wp.com\/miel-le-goupil.fr\/wp-content\/uploads\/2024\/01\/IMG_7308-scaled.jpg?resize=525%2C300&ssl=1 1.5x, https:\/\/i0.wp.com\/miel-le-goupil.fr\/wp-content\/uploads\/2024\/01\/IMG_7308-scaled.jpg?resize=700%2C400&ssl=1 2x, https:\/\/i0.wp.com\/miel-le-goupil.fr\/wp-content\/uploads\/2024\/01\/IMG_7308-scaled.jpg?resize=1050%2C600&ssl=1 3x, https:\/\/i0.wp.com\/miel-le-goupil.fr\/wp-content\/uploads\/2024\/01\/IMG_7308-scaled.jpg?resize=1400%2C800&ssl=1 4x"},"classes":[]},{"id":2,"url":"https:\/\/miel-le-goupil.fr\/index.php\/origines-miel-le-goupil\/","url_meta":{"origin":1987,"position":1},"title":"Les origines de la boutique \u00ab\u00a0Miel Le Goupil\u00a0\u00bb","author":"goupil.thomas","date":"8 janvier 2024","format":false,"excerpt":"Pour d\u00e9couvrir les origines de \"Miel Le Goupil\", continuez votre lecture ci-dessous. Bonjour, Je suis Thomas Goupil. J'habite \u00e0 Acq, et je suis informaticien de m\u00e9tier. Depuis tout jeune je suis passionn\u00e9 par la nature et l'environnement. N\u00e9 en Normandie, j'ai r\u00e9alis\u00e9 un BAC Science Technologie de l'Agronomie et de\u2026","rel":"","context":"Article similaire","block_context":{"text":"Article similaire","link":""},"img":{"alt_text":"","src":"https:\/\/i0.wp.com\/miel-le-goupil.fr\/wp-content\/uploads\/2024\/01\/cropped-logo.png?resize=350%2C200&ssl=1","width":350,"height":200},"classes":[]},{"id":784,"url":"https:\/\/miel-le-goupil.fr\/index.php\/parrainer-une-ruche-pour-soutenir-une-apiculture-plus-durable\/comment-adopter-une-ruche-sur-arras\/","url_meta":{"origin":1987,"position":2},"title":"Comment adopter une ruche sur Arras\u00a0 ?","author":"goupil.thomas","date":"3 f\u00e9vrier 2025","format":false,"excerpt":"Vous \u00eates un particulier ? Qu'est-ce que le Parrainage d'une Ruche ? Adopter une ruche local ou proche d'Arras est une initiative permettant de soutenir localement les apiculteurs tout en participant \u00e0 la pr\u00e9servation des abeilles. Cette d\u00e9marche consiste \u00e0 financer l'installation et l'entretien d'une ruche, favorisant ainsi la pollinisation\u2026","rel":"","context":"Article similaire","block_context":{"text":"Article similaire","link":""},"img":{"alt_text":"","src":"https:\/\/i0.wp.com\/miel-le-goupil.fr\/wp-content\/uploads\/2025\/02\/parrainage-ruche.png?resize=350%2C200&ssl=1","width":350,"height":200,"srcset":"https:\/\/i0.wp.com\/miel-le-goupil.fr\/wp-content\/uploads\/2025\/02\/parrainage-ruche.png?resize=350%2C200&ssl=1 1x, https:\/\/i0.wp.com\/miel-le-goupil.fr\/wp-content\/uploads\/2025\/02\/parrainage-ruche.png?resize=525%2C300&ssl=1 1.5x, https:\/\/i0.wp.com\/miel-le-goupil.fr\/wp-content\/uploads\/2025\/02\/parrainage-ruche.png?resize=700%2C400&ssl=1 2x"},"classes":[]},{"id":72,"url":"https:\/\/miel-le-goupil.fr\/","url_meta":{"origin":1987,"position":3},"title":"Apiculteur \u00e0 Acq &#8211; \u00ab\u00a0Miel Le Goupil\u00a0\u00bb","author":"goupil.thomas","date":"9 janvier 2024","format":false,"excerpt":"La ruche Warr\u00e9 La ruche Warr\u00e9, \u00e9galement connu sous le nom de \"Ruche Populaire\", est une ruche d\u00e9velopp\u00e9e par l'apiculteur fran\u00e7ais l'Abb\u00e9 \u00c9mile Warr\u00e9. Cette conception de ruche vise \u00e0 imiter les habitudes naturelles de nidification des abeilles tout en offrant un d\u00e9rangement minimal de la colonie. Elle se compose\u2026","rel":"","context":"Article similaire","block_context":{"text":"Article similaire","link":""},"img":{"alt_text":"","src":"https:\/\/i0.wp.com\/miel-le-goupil.fr\/wp-content\/uploads\/2024\/01\/Logo-rougeV3.png?resize=350%2C200&ssl=1","width":350,"height":200,"srcset":"https:\/\/i0.wp.com\/miel-le-goupil.fr\/wp-content\/uploads\/2024\/01\/Logo-rougeV3.png?resize=350%2C200&ssl=1 1x, https:\/\/i0.wp.com\/miel-le-goupil.fr\/wp-content\/uploads\/2024\/01\/Logo-rougeV3.png?resize=525%2C300&ssl=1 1.5x"},"classes":[]},{"id":1975,"url":"https:\/\/miel-le-goupil.fr\/index.php\/savoir-faire-apicole\/collecte-pollen-abeilles\/","url_meta":{"origin":1987,"position":4},"title":"La collecte de notre pollen d\u2019abeille","author":"goupil.thomas","date":"31 d\u00e9cembre 2025","format":false,"excerpt":"grains de pollens Chez\u00a0Miel Le Goupil, la collecte du pollen est r\u00e9alis\u00e9e avec soin et mesure, dans le respect du rythme des abeilles et de leurs besoins naturels.Apiculteur r\u00e9coltant \u00e0\u00a0Acq, dans le Pas-de-Calais, nous produisons un pollen de qualit\u00e9, issu de nos propres ruches et transform\u00e9 directement \u00e0 Acq. Une\u2026","rel":"","context":"Article similaire","block_context":{"text":"Article similaire","link":""},"img":{"alt_text":"","src":"https:\/\/i0.wp.com\/miel-le-goupil.fr\/wp-content\/uploads\/2025\/12\/Outils-apicoles-bac-pi-ge-Pollen-en-plastique-entr-e-collecteur-de-Pollen-apiculteur-fournitures-Apicultura.webp?resize=350%2C200&ssl=1","width":350,"height":200,"srcset":"https:\/\/i0.wp.com\/miel-le-goupil.fr\/wp-content\/uploads\/2025\/12\/Outils-apicoles-bac-pi-ge-Pollen-en-plastique-entr-e-collecteur-de-Pollen-apiculteur-fournitures-Apicultura.webp?resize=350%2C200&ssl=1 1x, https:\/\/i0.wp.com\/miel-le-goupil.fr\/wp-content\/uploads\/2025\/12\/Outils-apicoles-bac-pi-ge-Pollen-en-plastique-entr-e-collecteur-de-Pollen-apiculteur-fournitures-Apicultura.webp?resize=525%2C300&ssl=1 1.5x, https:\/\/i0.wp.com\/miel-le-goupil.fr\/wp-content\/uploads\/2025\/12\/Outils-apicoles-bac-pi-ge-Pollen-en-plastique-entr-e-collecteur-de-Pollen-apiculteur-fournitures-Apicultura.webp?resize=700%2C400&ssl=1 2x"},"classes":[]},{"id":1964,"url":"https:\/\/miel-le-goupil.fr\/index.php\/savoir-faire-apicole\/fabrication-bougies-cire-abeille\/","url_meta":{"origin":1987,"position":5},"title":"Fabrication de nos bougies en cire d&rsquo;abeille","author":"goupil.thomas","date":"30 d\u00e9cembre 2025","format":false,"excerpt":"Chez\u00a0Miel Le Goupil, nos bougies sont fabriqu\u00e9es artisanalement \u00e0 partir de la\u00a0cire produite par nos propres abeilles.Apiculteur r\u00e9coltant \u00e0\u00a0Acq, dans le Pas-de-Calais, nous transformons nous-m\u00eames cette mati\u00e8re naturelle produite par les abeilles afin de vous proposer des bougies authentiques, locales et respectueuses de l\u2019environnement. Bougie butinage en cire d'abeille Bougie\u2026","rel":"","context":"Article similaire","block_context":{"text":"Article similaire","link":""},"img":{"alt_text":"Bougie butinage en cire d'abeille","src":"https:\/\/i0.wp.com\/miel-le-goupil.fr\/wp-content\/uploads\/2024\/12\/img_5554-scaled-e1735332317212.jpeg?resize=350%2C200","width":350,"height":200,"srcset":"https:\/\/i0.wp.com\/miel-le-goupil.fr\/wp-content\/uploads\/2024\/12\/img_5554-scaled-e1735332317212.jpeg?resize=350%2C200 1x, https:\/\/i0.wp.com\/miel-le-goupil.fr\/wp-content\/uploads\/2024\/12\/img_5554-scaled-e1735332317212.jpeg?resize=525%2C300 1.5x, https:\/\/i0.wp.com\/miel-le-goupil.fr\/wp-content\/uploads\/2024\/12\/img_5554-scaled-e1735332317212.jpeg?resize=700%2C400 2x"},"classes":[]}],"_links":{"self":[{"href":"https:\/\/miel-le-goupil.fr\/index.php\/wp-json\/wp\/v2\/pages\/1987","targetHints":{"allow":["GET"]}}],"collection":[{"href":"https:\/\/miel-le-goupil.fr\/index.php\/wp-json\/wp\/v2\/pages"}],"about":[{"href":"https:\/\/miel-le-goupil.fr\/index.php\/wp-json\/wp\/v2\/types\/page"}],"author":[{"embeddable":true,"href":"https:\/\/miel-le-goupil.fr\/index.php\/wp-json\/wp\/v2\/users\/1"}],"replies":[{"embeddable":true,"href":"https:\/\/miel-le-goupil.fr\/index.php\/wp-json\/wp\/v2\/comments?post=1987"}],"version-history":[{"count":1,"href":"https:\/\/miel-le-goupil.fr\/index.php\/wp-json\/wp\/v2\/pages\/1987\/revisions"}],"predecessor-version":[{"id":1988,"href":"https:\/\/miel-le-goupil.fr\/index.php\/wp-json\/wp\/v2\/pages\/1987\/revisions\/1988"}],"up":[{"embeddable":true,"href":"https:\/\/miel-le-goupil.fr\/index.php\/wp-json\/wp\/v2\/pages\/1985"}],"wp:attachment":[{"href":"https:\/\/miel-le-goupil.fr\/index.php\/wp-json\/wp\/v2\/media?parent=1987"}],"curies":[{"name":"wp","href":"https:\/\/api.w.org\/{rel}","templated":true}]}}