{"id":2103,"date":"2026-04-16T10:22:18","date_gmt":"2026-04-16T08:22:18","guid":{"rendered":"https:\/\/miel-le-goupil.fr\/?post_type=product&#038;p=2103"},"modified":"2026-04-16T10:31:12","modified_gmt":"2026-04-16T08:31:12","slug":"essaim-dadant-annee","status":"publish","type":"product","link":"https:\/\/miel-le-goupil.fr\/index.php\/product\/essaim-dadant-annee\/","title":{"rendered":"Essaim Dadant de l&rsquo;ann\u00e9e"},"content":{"rendered":"<h2>Essaim Dadant sur 5 cadres \u2013 Abeilles locales et reine marqu\u00e9e<\/h2>\n<p>Cet <strong>essaim Dadant <\/strong>, constitu\u00e9 au printemps dans mon <strong>rucher de l\u2019Artois<\/strong>,<br \/>\nest parfait pour les apiculteurs souhaitant accueillir une colonie saine, vigoureuse et adapt\u00e9e \u00e0 notre climat local.<\/p>\n<h3>Composition de l\u2019essaim :<\/h3>\n<ul>\n<li style=\"color: #4caf50;\">2 cadres de nourriture bien garnis<\/li>\n<li style=\"color: #4caf50;\">3 cadres de couvain en d\u00e9veloppement<\/li>\n<\/ul>\n<p>La colonie est conduite avec soin et comprend une <strong>reine f\u00e9cond\u00e9e naturellement<\/strong>,<br \/>\n<strong>marqu\u00e9e de la couleur de l\u2019ann\u00e9e en cours<\/strong>.<br \/>\nCette s\u00e9lection en f\u00e9condation libre favorise des <strong>abeilles rustiques<\/strong>\u00a0adapt\u00e9es \u00e0 l\u2019environnement de l\u2019Artois.<\/p>\n<h3>Mise \u00e0 disposition :<\/h3>\n<p>Quantit\u00e9 tr\u00e8s limit\u00e9, \u00e9tant donn\u00e9 que j&rsquo;exploite majoritairement que de la ruche warr\u00e9.<\/p>\n<p>La ruche d\u2019accueil sera \u00e0 fournir par vos soins. A not\u00e9 que les cadres Dadant sont de type droits<br \/>\nLes <strong>cadres de l\u2019essaim seront transf\u00e9r\u00e9s dans votre propre ruche<\/strong> lors de la remise.<\/p>\n<ul>\n<li><strong>Pas d\u2019envoi postal<\/strong> \u2013 retrait uniquement sur rendez-vous.<\/li>\n<li>Merci de <strong>prendre contact<\/strong> pour convenir d\u2019une date de mise \u00e0 disposition \u00e0 partir d&rsquo;Avril<\/li>\n<li>Pour <strong>r\u00e9server votre essaim<\/strong>, compl\u00e9tez le <strong>bon de commande<\/strong> et envoyez-le-moi.<\/li>\n<\/ul>\n<p class=\"contact\">\ud83d\udcde <strong>Contactez-moi directement<\/strong> pour toute question ou pour r\u00e9server votre essaim 2026.<\/p>\n<p><a href=\"https:\/\/miel-le-goupil.fr\/wp-content\/uploads\/2025\/06\/bon_de_commande_essaims_2025.pdf\">bon_de_commande_essaims_2025<\/a><\/p>\n","protected":false},"excerpt":{"rendered":"<p class=\"ai-optimize-6 ai-optimize-introduction\"><strong>Essaim Dadant sur 5 cadres de l&rsquo;ann\u00e9e<\/strong><\/p>\n","protected":false},"featured_media":1575,"comment_status":"open","ping_status":"closed","template":"","meta":{"ocean_post_layout":"","ocean_both_sidebars_style":"","ocean_both_sidebars_content_width":0,"ocean_both_sidebars_sidebars_width":0,"ocean_sidebar":"0","ocean_second_sidebar":"0","ocean_disable_margins":"enable","ocean_add_body_class":"","ocean_shortcode_before_top_bar":"","ocean_shortcode_after_top_bar":"","ocean_shortcode_before_header":"","ocean_shortcode_after_header":"","ocean_has_shortcode":"","ocean_shortcode_after_title":"","ocean_shortcode_before_footer_widgets":"","ocean_shortcode_after_footer_widgets":"","ocean_shortcode_before_footer_bottom":"","ocean_shortcode_after_footer_bottom":"","ocean_display_top_bar":"default","ocean_display_header":"default","ocean_header_style":"","ocean_center_header_left_menu":"0","ocean_custom_header_template":"0","ocean_custom_logo":0,"ocean_custom_retina_logo":0,"ocean_custom_logo_max_width":0,"ocean_custom_logo_tablet_max_width":0,"ocean_custom_logo_mobile_max_width":0,"ocean_custom_logo_max_height":0,"ocean_custom_logo_tablet_max_height":0,"ocean_custom_logo_mobile_max_height":0,"ocean_header_custom_menu":"0","ocean_menu_typo_font_family":"0","ocean_menu_typo_font_subset":"","ocean_menu_typo_font_size":0,"ocean_menu_typo_font_size_tablet":0,"ocean_menu_typo_font_size_mobile":0,"ocean_menu_typo_font_size_unit":"px","ocean_menu_typo_font_weight":"","ocean_menu_typo_font_weight_tablet":"","ocean_menu_typo_font_weight_mobile":"","ocean_menu_typo_transform":"","ocean_menu_typo_transform_tablet":"","ocean_menu_typo_transform_mobile":"","ocean_menu_typo_line_height":0,"ocean_menu_typo_line_height_tablet":0,"ocean_menu_typo_line_height_mobile":0,"ocean_menu_typo_line_height_unit":"","ocean_menu_typo_spacing":0,"ocean_menu_typo_spacing_tablet":0,"ocean_menu_typo_spacing_mobile":0,"ocean_menu_typo_spacing_unit":"","ocean_menu_link_color":"","ocean_menu_link_color_hover":"","ocean_menu_link_color_active":"","ocean_menu_link_background":"","ocean_menu_link_hover_background":"","ocean_menu_link_active_background":"","ocean_menu_social_links_bg":"","ocean_menu_social_hover_links_bg":"","ocean_menu_social_links_color":"","ocean_menu_social_hover_links_color":"","ocean_disable_title":"default","ocean_disable_heading":"default","ocean_post_title":"","ocean_post_subheading":"","ocean_post_title_style":"","ocean_post_title_background_color":"","ocean_post_title_background":0,"ocean_post_title_bg_image_position":"","ocean_post_title_bg_image_attachment":"","ocean_post_title_bg_image_repeat":"","ocean_post_title_bg_image_size":"","ocean_post_title_height":0,"ocean_post_title_bg_overlay":0.5,"ocean_post_title_bg_overlay_color":"","ocean_disable_breadcrumbs":"default","ocean_breadcrumbs_color":"","ocean_breadcrumbs_separator_color":"","ocean_breadcrumbs_links_color":"","ocean_breadcrumbs_links_hover_color":"","ocean_display_footer_widgets":"default","ocean_display_footer_bottom":"default","ocean_custom_footer_template":"0","jetpack_post_was_ever_published":false,"jetpack_publicize_message":"","jetpack_publicize_feature_enabled":true,"jetpack_social_post_already_shared":true,"jetpack_social_options":{"image_generator_settings":{"template":"highway","default_image_id":0,"font":"","enabled":false},"version":2}},"product_brand":[],"product_cat":[155,36],"product_tag":[],"class_list":{"0":"post-2103","1":"product","2":"type-product","3":"status-publish","4":"has-post-thumbnail","6":"product_cat-dadant","7":"product_cat-essaim-dabeilles","9":"entry","10":"has-media","12":"first","13":"outofstock","14":"downloadable","15":"virtual","16":"purchasable","17":"product-type-simple","18":"has-product-nav","19":"col","20":"span_1_of_5","21":"owp-content-center","22":"owp-thumbs-layout-horizontal","23":"owp-btn-normal","24":"owp-tabs-layout-section"},"yoast_head":"<!-- This site is optimized with the Yoast SEO Premium plugin v26.5 (Yoast SEO v27.5) - https:\/\/yoast.com\/product\/yoast-seo-premium-wordpress\/ -->\n<title>Essaim Dadant de l&#039;ann\u00e9e - Miel Le Goupil<\/title>\n<meta name=\"description\" content=\"Essaim d&#039;abeilles sur 5 cadres droits Dadant. La reine sera de l&#039;ann\u00e9e. Cette derni\u00e8re sera marqu\u00e9e de la couleur de l&#039;ann\u00e9e.\" \/>\n<meta name=\"robots\" content=\"index, follow, max-snippet:-1, max-image-preview:large, max-video-preview:-1\" \/>\n<link rel=\"canonical\" href=\"https:\/\/miel-le-goupil.fr\/index.php\/product\/essaim-dadant-annee\/\" \/>\n<meta property=\"og:locale\" content=\"fr_FR\" \/>\n<meta property=\"og:type\" content=\"article\" \/>\n<meta property=\"og:title\" content=\"Essaim Dadant de l&#039;ann\u00e9e\" \/>\n<meta property=\"og:description\" content=\"Essaim d&#039;abeilles sur 5 cadres droits Dadant. La reine sera de l&#039;ann\u00e9e. Cette derni\u00e8re sera marqu\u00e9e de la couleur de l&#039;ann\u00e9e.\" \/>\n<meta property=\"og:url\" content=\"https:\/\/miel-le-goupil.fr\/index.php\/product\/essaim-dadant-annee\/\" \/>\n<meta property=\"og:site_name\" content=\"Miel Le Goupil\" \/>\n<meta property=\"article:publisher\" content=\"https:\/\/www.facebook.com\/profile.php?id=100085690041392\" \/>\n<meta property=\"article:modified_time\" content=\"2026-04-16T08:31:12+00:00\" \/>\n<meta property=\"og:image\" content=\"https:\/\/miel-le-goupil.fr\/wp-content\/uploads\/2024\/02\/img_7462-scaled.jpeg\" \/>\n\t<meta property=\"og:image:width\" content=\"1920\" \/>\n\t<meta property=\"og:image:height\" content=\"2560\" \/>\n\t<meta property=\"og:image:type\" content=\"image\/jpeg\" \/>\n<meta name=\"twitter:card\" content=\"summary_large_image\" \/>\n<meta name=\"twitter:label1\" content=\"Prix\" \/>\n\t<meta name=\"twitter:data1\" content=\"150,00&nbsp;&euro;\" \/>\n\t<meta name=\"twitter:label2\" content=\"Disponibilit\u00e9\" \/>\n\t<meta name=\"twitter:data2\" content=\"Rupture de stock\" \/>\n<script type=\"application\/ld+json\" class=\"yoast-schema-graph\">{\"@context\":\"https:\\\/\\\/schema.org\",\"@graph\":[{\"@type\":\"WebPage\",\"@id\":\"https:\\\/\\\/miel-le-goupil.fr\\\/index.php\\\/product\\\/essaim-dadant-annee\\\/\",\"url\":\"https:\\\/\\\/miel-le-goupil.fr\\\/index.php\\\/product\\\/essaim-dadant-annee\\\/\",\"name\":\"Essaim Dadant de l'ann\u00e9e - Miel Le Goupil\",\"isPartOf\":{\"@id\":\"https:\\\/\\\/miel-le-goupil.fr\\\/#website\"},\"primaryImageOfPage\":{\"@id\":\"https:\\\/\\\/miel-le-goupil.fr\\\/index.php\\\/product\\\/essaim-dadant-annee\\\/#primaryimage\"},\"image\":{\"@id\":\"https:\\\/\\\/miel-le-goupil.fr\\\/index.php\\\/product\\\/essaim-dadant-annee\\\/#primaryimage\"},\"thumbnailUrl\":\"https:\\\/\\\/i0.wp.com\\\/miel-le-goupil.fr\\\/wp-content\\\/uploads\\\/2024\\\/02\\\/img_7462-scaled.jpeg?fit=1920%2C2560&ssl=1\",\"datePublished\":\"2026-04-16T08:22:18+00:00\",\"dateModified\":\"2026-04-16T08:31:12+00:00\",\"description\":\"Essaim d'abeilles sur 5 cadres droits Dadant. La reine sera de l'ann\u00e9e. Cette derni\u00e8re sera marqu\u00e9e de la couleur de l'ann\u00e9e.\",\"breadcrumb\":{\"@id\":\"https:\\\/\\\/miel-le-goupil.fr\\\/index.php\\\/product\\\/essaim-dadant-annee\\\/#breadcrumb\"},\"inLanguage\":\"fr-FR\",\"potentialAction\":[{\"@type\":\"ReadAction\",\"target\":[\"https:\\\/\\\/miel-le-goupil.fr\\\/index.php\\\/product\\\/essaim-dadant-annee\\\/\"]}]},{\"@type\":\"ImageObject\",\"inLanguage\":\"fr-FR\",\"@id\":\"https:\\\/\\\/miel-le-goupil.fr\\\/index.php\\\/product\\\/essaim-dadant-annee\\\/#primaryimage\",\"url\":\"https:\\\/\\\/i0.wp.com\\\/miel-le-goupil.fr\\\/wp-content\\\/uploads\\\/2024\\\/02\\\/img_7462-scaled.jpeg?fit=1920%2C2560&ssl=1\",\"contentUrl\":\"https:\\\/\\\/i0.wp.com\\\/miel-le-goupil.fr\\\/wp-content\\\/uploads\\\/2024\\\/02\\\/img_7462-scaled.jpeg?fit=1920%2C2560&ssl=1\",\"width\":1920,\"height\":2560},{\"@type\":\"BreadcrumbList\",\"@id\":\"https:\\\/\\\/miel-le-goupil.fr\\\/index.php\\\/product\\\/essaim-dadant-annee\\\/#breadcrumb\",\"itemListElement\":[{\"@type\":\"ListItem\",\"position\":1,\"name\":\"Accueil\",\"item\":\"https:\\\/\\\/miel-le-goupil.fr\\\/\"},{\"@type\":\"ListItem\",\"position\":2,\"name\":\"Boutique\",\"item\":\"https:\\\/\\\/miel-le-goupil.fr\\\/index.php\\\/shop\\\/\"},{\"@type\":\"ListItem\",\"position\":3,\"name\":\"Essaim Dadant de l&rsquo;ann\u00e9e\"}]},{\"@type\":\"WebSite\",\"@id\":\"https:\\\/\\\/miel-le-goupil.fr\\\/#website\",\"url\":\"https:\\\/\\\/miel-le-goupil.fr\\\/\",\"name\":\"Miel-Le-Goupil\",\"description\":\"Vente de miels le Goupil - producteur r\u00e9coltant\",\"publisher\":{\"@id\":\"https:\\\/\\\/miel-le-goupil.fr\\\/#organization\"},\"alternateName\":\"Miel Le Goupil\",\"potentialAction\":[{\"@type\":\"SearchAction\",\"target\":{\"@type\":\"EntryPoint\",\"urlTemplate\":\"https:\\\/\\\/miel-le-goupil.fr\\\/?s={search_term_string}\"},\"query-input\":{\"@type\":\"PropertyValueSpecification\",\"valueRequired\":true,\"valueName\":\"search_term_string\"}}],\"inLanguage\":\"fr-FR\"},{\"@type\":[\"Organization\",\"Place\"],\"@id\":\"https:\\\/\\\/miel-le-goupil.fr\\\/#organization\",\"name\":\"Miel Le Goupil\",\"alternateName\":\"Monsieur\",\"url\":\"https:\\\/\\\/miel-le-goupil.fr\\\/\",\"logo\":{\"@id\":\"https:\\\/\\\/miel-le-goupil.fr\\\/index.php\\\/product\\\/essaim-dadant-annee\\\/#local-main-organization-logo\"},\"image\":{\"@id\":\"https:\\\/\\\/miel-le-goupil.fr\\\/index.php\\\/product\\\/essaim-dadant-annee\\\/#local-main-organization-logo\"},\"sameAs\":[\"https:\\\/\\\/www.facebook.com\\\/profile.php?id=100085690041392\"],\"description\":\"Apiculteur produisant et r\u00e9coltant du miel, mais \u00e9galement du pollen. Le site Miel-Le-Goupil est une boutique en ligne proposant des produits en lien avec l'apiculture.\",\"legalName\":\"miel le goupil\",\"foundingDate\":\"2024-01-01\",\"publishingPrinciples\":\"https:\\\/\\\/miel-le-goupil.fr\\\/index.php\\\/politique-de-confidentialite\\\/\",\"actionableFeedbackPolicy\":\"https:\\\/\\\/miel-le-goupil.fr\\\/index.php\\\/refund_returns\\\/\",\"hasMerchantReturnPolicy\":{\"@type\":\"MerchantReturnPolicy\",\"merchantReturnLink\":\"https:\\\/\\\/miel-le-goupil.fr\\\/index.php\\\/refund_returns\\\/\"},\"address\":{\"@id\":\"https:\\\/\\\/miel-le-goupil.fr\\\/index.php\\\/product\\\/essaim-dadant-annee\\\/#local-main-place-address\"},\"geo\":{\"@type\":\"GeoCoordinates\",\"latitude\":\"50.35013876685057\",\"longitude\":\"2.66141816347962\"},\"telephone\":[],\"contactPoint\":{\"@type\":\"ContactPoint\",\"telephone\":\"0631607332\",\"email\":\"contact@miel-le-goupil.fr\"},\"openingHoursSpecification\":[{\"@type\":\"OpeningHoursSpecification\",\"dayOfWeek\":[\"Monday\",\"Friday\"],\"opens\":\"08:30\",\"closes\":\"19:30\"},{\"@type\":\"OpeningHoursSpecification\",\"dayOfWeek\":[\"Tuesday\",\"Wednesday\",\"Thursday\",\"Sunday\"],\"opens\":\"00:00\",\"closes\":\"00:00\"},{\"@type\":\"OpeningHoursSpecification\",\"dayOfWeek\":[\"Saturday\"],\"opens\":\"10:00\",\"closes\":\"19:30\"}],\"taxID\":\"91966321100028\"},{\"@type\":\"PostalAddress\",\"@id\":\"https:\\\/\\\/miel-le-goupil.fr\\\/index.php\\\/product\\\/essaim-dadant-annee\\\/#local-main-place-address\",\"streetAddress\":\"16 chemin salbert\",\"addressLocality\":\"Acq\",\"postalCode\":\"62144\",\"addressCountry\":\"FR\"},{\"@type\":\"ImageObject\",\"inLanguage\":\"fr-FR\",\"@id\":\"https:\\\/\\\/miel-le-goupil.fr\\\/index.php\\\/product\\\/essaim-dadant-annee\\\/#local-main-organization-logo\",\"url\":\"https:\\\/\\\/i0.wp.com\\\/miel-le-goupil.fr\\\/wp-content\\\/uploads\\\/2024\\\/01\\\/cropped-logo.png?fit=512%2C512&ssl=1\",\"contentUrl\":\"https:\\\/\\\/i0.wp.com\\\/miel-le-goupil.fr\\\/wp-content\\\/uploads\\\/2024\\\/01\\\/cropped-logo.png?fit=512%2C512&ssl=1\",\"width\":512,\"height\":512,\"caption\":\"Miel Le Goupil\"}]}<\/script>\n<meta property=\"product:price:amount\" content=\"150.00\" \/>\n<meta property=\"product:price:currency\" content=\"EUR\" \/>\n<meta property=\"og:availability\" content=\"out of stock\" \/>\n<meta property=\"product:availability\" content=\"out of stock\" \/>\n<meta property=\"product:retailer_item_id\" content=\"ESSAIM_DADANT_YEAR-1\" \/>\n<meta property=\"product:condition\" content=\"new\" \/>\n<meta name=\"geo.placename\" content=\"Acq\" \/>\n<meta name=\"geo.position\" content=\"50.35013876685057;2.66141816347962\" \/>\n<meta name=\"geo.region\" content=\"France\" \/>\n<!-- \/ Yoast SEO Premium plugin. -->","yoast_head_json":{"title":"Essaim Dadant de l'ann\u00e9e - Miel Le Goupil","description":"Essaim d'abeilles sur 5 cadres droits Dadant. La reine sera de l'ann\u00e9e. Cette derni\u00e8re sera marqu\u00e9e de la couleur de l'ann\u00e9e.","robots":{"index":"index","follow":"follow","max-snippet":"max-snippet:-1","max-image-preview":"max-image-preview:large","max-video-preview":"max-video-preview:-1"},"canonical":"https:\/\/miel-le-goupil.fr\/index.php\/product\/essaim-dadant-annee\/","og_locale":"fr_FR","og_type":"article","og_title":"Essaim Dadant de l'ann\u00e9e","og_description":"Essaim d'abeilles sur 5 cadres droits Dadant. La reine sera de l'ann\u00e9e. Cette derni\u00e8re sera marqu\u00e9e de la couleur de l'ann\u00e9e.","og_url":"https:\/\/miel-le-goupil.fr\/index.php\/product\/essaim-dadant-annee\/","og_site_name":"Miel Le Goupil","article_publisher":"https:\/\/www.facebook.com\/profile.php?id=100085690041392","article_modified_time":"2026-04-16T08:31:12+00:00","og_image":[{"width":1920,"height":2560,"url":"https:\/\/miel-le-goupil.fr\/wp-content\/uploads\/2024\/02\/img_7462-scaled.jpeg","type":"image\/jpeg"}],"twitter_card":"summary_large_image","twitter_misc":{"Prix":"150,00&nbsp;&euro;","Disponibilit\u00e9":"Rupture de stock"},"schema":{"@context":"https:\/\/schema.org","@graph":[{"@type":"WebPage","@id":"https:\/\/miel-le-goupil.fr\/index.php\/product\/essaim-dadant-annee\/","url":"https:\/\/miel-le-goupil.fr\/index.php\/product\/essaim-dadant-annee\/","name":"Essaim Dadant de l'ann\u00e9e - Miel Le Goupil","isPartOf":{"@id":"https:\/\/miel-le-goupil.fr\/#website"},"primaryImageOfPage":{"@id":"https:\/\/miel-le-goupil.fr\/index.php\/product\/essaim-dadant-annee\/#primaryimage"},"image":{"@id":"https:\/\/miel-le-goupil.fr\/index.php\/product\/essaim-dadant-annee\/#primaryimage"},"thumbnailUrl":"https:\/\/i0.wp.com\/miel-le-goupil.fr\/wp-content\/uploads\/2024\/02\/img_7462-scaled.jpeg?fit=1920%2C2560&ssl=1","datePublished":"2026-04-16T08:22:18+00:00","dateModified":"2026-04-16T08:31:12+00:00","description":"Essaim d'abeilles sur 5 cadres droits Dadant. La reine sera de l'ann\u00e9e. Cette derni\u00e8re sera marqu\u00e9e de la couleur de l'ann\u00e9e.","breadcrumb":{"@id":"https:\/\/miel-le-goupil.fr\/index.php\/product\/essaim-dadant-annee\/#breadcrumb"},"inLanguage":"fr-FR","potentialAction":[{"@type":"ReadAction","target":["https:\/\/miel-le-goupil.fr\/index.php\/product\/essaim-dadant-annee\/"]}]},{"@type":"ImageObject","inLanguage":"fr-FR","@id":"https:\/\/miel-le-goupil.fr\/index.php\/product\/essaim-dadant-annee\/#primaryimage","url":"https:\/\/i0.wp.com\/miel-le-goupil.fr\/wp-content\/uploads\/2024\/02\/img_7462-scaled.jpeg?fit=1920%2C2560&ssl=1","contentUrl":"https:\/\/i0.wp.com\/miel-le-goupil.fr\/wp-content\/uploads\/2024\/02\/img_7462-scaled.jpeg?fit=1920%2C2560&ssl=1","width":1920,"height":2560},{"@type":"BreadcrumbList","@id":"https:\/\/miel-le-goupil.fr\/index.php\/product\/essaim-dadant-annee\/#breadcrumb","itemListElement":[{"@type":"ListItem","position":1,"name":"Accueil","item":"https:\/\/miel-le-goupil.fr\/"},{"@type":"ListItem","position":2,"name":"Boutique","item":"https:\/\/miel-le-goupil.fr\/index.php\/shop\/"},{"@type":"ListItem","position":3,"name":"Essaim Dadant de l&rsquo;ann\u00e9e"}]},{"@type":"WebSite","@id":"https:\/\/miel-le-goupil.fr\/#website","url":"https:\/\/miel-le-goupil.fr\/","name":"Miel-Le-Goupil","description":"Vente de miels le Goupil - producteur r\u00e9coltant","publisher":{"@id":"https:\/\/miel-le-goupil.fr\/#organization"},"alternateName":"Miel Le Goupil","potentialAction":[{"@type":"SearchAction","target":{"@type":"EntryPoint","urlTemplate":"https:\/\/miel-le-goupil.fr\/?s={search_term_string}"},"query-input":{"@type":"PropertyValueSpecification","valueRequired":true,"valueName":"search_term_string"}}],"inLanguage":"fr-FR"},{"@type":["Organization","Place"],"@id":"https:\/\/miel-le-goupil.fr\/#organization","name":"Miel Le Goupil","alternateName":"Monsieur","url":"https:\/\/miel-le-goupil.fr\/","logo":{"@id":"https:\/\/miel-le-goupil.fr\/index.php\/product\/essaim-dadant-annee\/#local-main-organization-logo"},"image":{"@id":"https:\/\/miel-le-goupil.fr\/index.php\/product\/essaim-dadant-annee\/#local-main-organization-logo"},"sameAs":["https:\/\/www.facebook.com\/profile.php?id=100085690041392"],"description":"Apiculteur produisant et r\u00e9coltant du miel, mais \u00e9galement du pollen. Le site Miel-Le-Goupil est une boutique en ligne proposant des produits en lien avec l'apiculture.","legalName":"miel le goupil","foundingDate":"2024-01-01","publishingPrinciples":"https:\/\/miel-le-goupil.fr\/index.php\/politique-de-confidentialite\/","actionableFeedbackPolicy":"https:\/\/miel-le-goupil.fr\/index.php\/refund_returns\/","hasMerchantReturnPolicy":{"@type":"MerchantReturnPolicy","merchantReturnLink":"https:\/\/miel-le-goupil.fr\/index.php\/refund_returns\/"},"address":{"@id":"https:\/\/miel-le-goupil.fr\/index.php\/product\/essaim-dadant-annee\/#local-main-place-address"},"geo":{"@type":"GeoCoordinates","latitude":"50.35013876685057","longitude":"2.66141816347962"},"telephone":[],"contactPoint":{"@type":"ContactPoint","telephone":"0631607332","email":"contact@miel-le-goupil.fr"},"openingHoursSpecification":[{"@type":"OpeningHoursSpecification","dayOfWeek":["Monday","Friday"],"opens":"08:30","closes":"19:30"},{"@type":"OpeningHoursSpecification","dayOfWeek":["Tuesday","Wednesday","Thursday","Sunday"],"opens":"00:00","closes":"00:00"},{"@type":"OpeningHoursSpecification","dayOfWeek":["Saturday"],"opens":"10:00","closes":"19:30"}],"taxID":"91966321100028"},{"@type":"PostalAddress","@id":"https:\/\/miel-le-goupil.fr\/index.php\/product\/essaim-dadant-annee\/#local-main-place-address","streetAddress":"16 chemin salbert","addressLocality":"Acq","postalCode":"62144","addressCountry":"FR"},{"@type":"ImageObject","inLanguage":"fr-FR","@id":"https:\/\/miel-le-goupil.fr\/index.php\/product\/essaim-dadant-annee\/#local-main-organization-logo","url":"https:\/\/i0.wp.com\/miel-le-goupil.fr\/wp-content\/uploads\/2024\/01\/cropped-logo.png?fit=512%2C512&ssl=1","contentUrl":"https:\/\/i0.wp.com\/miel-le-goupil.fr\/wp-content\/uploads\/2024\/01\/cropped-logo.png?fit=512%2C512&ssl=1","width":512,"height":512,"caption":"Miel Le Goupil"}]},"product_price_amount":"150.00","product_price_currency":"EUR","og_availability":"out of stock","product_availability":"out of stock","product_retailer_item_id":"ESSAIM_DADANT_YEAR-1","product_condition":"new","geo.placename":"Acq","geo.position":{"lat":"50.35013876685057","long":"2.66141816347962"},"geo.region":"France"},"jetpack_publicize_connections":[],"jetpack_sharing_enabled":true,"jetpack_likes_enabled":true,"jetpack-related-posts":[{"id":383,"url":"https:\/\/miel-le-goupil.fr\/index.php\/product\/essaim-warre\/","url_meta":{"origin":2103,"position":0},"title":"Essaim Warr\u00e9 hivern\u00e9","author":"goupil.thomas","date":"15 janvier 2024","format":false,"excerpt":"Essaim Warr\u00e9 sur 8 cadres hivern\u00e9","rel":"","context":"Article similaire","block_context":{"text":"Article similaire","link":""},"img":{"alt_text":"","src":"https:\/\/i0.wp.com\/miel-le-goupil.fr\/wp-content\/uploads\/2024\/02\/img_7462-scaled.jpeg?fit=900%2C1200&ssl=1&resize=350%2C200","width":350,"height":200,"srcset":"https:\/\/i0.wp.com\/miel-le-goupil.fr\/wp-content\/uploads\/2024\/02\/img_7462-scaled.jpeg?fit=900%2C1200&ssl=1&resize=350%2C200 1x, https:\/\/i0.wp.com\/miel-le-goupil.fr\/wp-content\/uploads\/2024\/02\/img_7462-scaled.jpeg?fit=900%2C1200&ssl=1&resize=525%2C300 1.5x, https:\/\/i0.wp.com\/miel-le-goupil.fr\/wp-content\/uploads\/2024\/02\/img_7462-scaled.jpeg?fit=900%2C1200&ssl=1&resize=700%2C400 2x"},"classes":[]},{"id":393,"url":"https:\/\/miel-le-goupil.fr\/index.php\/product\/essaim-warre-de-lannee\/","url_meta":{"origin":2103,"position":1},"title":"Essaim warr\u00e9 de l\u2019ann\u00e9e","author":"goupil.thomas","date":"10 f\u00e9vrier 2024","format":false,"excerpt":"Essaim Warr\u00e9 sur 8 cadres, r\u00e9alis\u00e9 durant le printemps .","rel":"","context":"Article similaire","block_context":{"text":"Article similaire","link":""},"img":{"alt_text":"","src":"https:\/\/i0.wp.com\/miel-le-goupil.fr\/wp-content\/uploads\/2024\/02\/img_7462-scaled.jpeg?fit=900%2C1200&ssl=1&resize=350%2C200","width":350,"height":200,"srcset":"https:\/\/i0.wp.com\/miel-le-goupil.fr\/wp-content\/uploads\/2024\/02\/img_7462-scaled.jpeg?fit=900%2C1200&ssl=1&resize=350%2C200 1x, https:\/\/i0.wp.com\/miel-le-goupil.fr\/wp-content\/uploads\/2024\/02\/img_7462-scaled.jpeg?fit=900%2C1200&ssl=1&resize=525%2C300 1.5x, https:\/\/i0.wp.com\/miel-le-goupil.fr\/wp-content\/uploads\/2024\/02\/img_7462-scaled.jpeg?fit=900%2C1200&ssl=1&resize=700%2C400 2x"},"classes":[]},{"id":1573,"url":"https:\/\/miel-le-goupil.fr\/index.php\/product\/essaim-warre-de-lannee-avec-la-ruche\/","url_meta":{"origin":2103,"position":2},"title":"Essaim Warr\u00e9 de l\u2019ann\u00e9e avec la ruche","author":"goupil.thomas","date":"3 juin 2025","format":false,"excerpt":"Essaim Warr\u00e9 sur 8 cadres avec ruche, r\u00e9alis\u00e9 durant le printemps .","rel":"","context":"Avec 2 commentaires","block_context":{"text":"Avec 2 commentaires","link":"https:\/\/miel-le-goupil.fr\/index.php\/product\/essaim-warre-de-lannee-avec-la-ruche\/#comments"},"img":{"alt_text":"","src":"https:\/\/i0.wp.com\/miel-le-goupil.fr\/wp-content\/uploads\/2024\/02\/img_7461-scaled.jpeg?fit=900%2C1200&ssl=1&resize=350%2C200","width":350,"height":200,"srcset":"https:\/\/i0.wp.com\/miel-le-goupil.fr\/wp-content\/uploads\/2024\/02\/img_7461-scaled.jpeg?fit=900%2C1200&ssl=1&resize=350%2C200 1x, https:\/\/i0.wp.com\/miel-le-goupil.fr\/wp-content\/uploads\/2024\/02\/img_7461-scaled.jpeg?fit=900%2C1200&ssl=1&resize=525%2C300 1.5x, https:\/\/i0.wp.com\/miel-le-goupil.fr\/wp-content\/uploads\/2024\/02\/img_7461-scaled.jpeg?fit=900%2C1200&ssl=1&resize=700%2C400 2x"},"classes":[]},{"id":1571,"url":"https:\/\/miel-le-goupil.fr\/index.php\/product\/essaim-warre-hiverne-avec-la-ruche\/","url_meta":{"origin":2103,"position":3},"title":"Essaim Warr\u00e9 hivern\u00e9 avec la ruche","author":"goupil.thomas","date":"3 juin 2025","format":false,"excerpt":"Essaim Warr\u00e9 hivern\u00e9 sur 8 cadres avec ruche.","rel":"","context":"Article similaire","block_context":{"text":"Article similaire","link":""},"img":{"alt_text":"","src":"https:\/\/i0.wp.com\/miel-le-goupil.fr\/wp-content\/uploads\/2024\/02\/img_7461-scaled.jpeg?fit=900%2C1200&ssl=1&resize=350%2C200","width":350,"height":200,"srcset":"https:\/\/i0.wp.com\/miel-le-goupil.fr\/wp-content\/uploads\/2024\/02\/img_7461-scaled.jpeg?fit=900%2C1200&ssl=1&resize=350%2C200 1x, https:\/\/i0.wp.com\/miel-le-goupil.fr\/wp-content\/uploads\/2024\/02\/img_7461-scaled.jpeg?fit=900%2C1200&ssl=1&resize=525%2C300 1.5x, https:\/\/i0.wp.com\/miel-le-goupil.fr\/wp-content\/uploads\/2024\/02\/img_7461-scaled.jpeg?fit=900%2C1200&ssl=1&resize=700%2C400 2x"},"classes":[]},{"id":58,"url":"https:\/\/miel-le-goupil.fr\/index.php\/product\/miel-de-fleurs-ete\/","url_meta":{"origin":2103,"position":4},"title":"Miel de fleurs &#8211; \u00c9t\u00e9","author":"goupil.thomas","date":"8 janvier 2024","format":false,"excerpt":"Miel le goupil d'\u00e9t\u00e9, toutes fleurs, de l'Artois (Communes du Pas-De-Calais). Miel r\u00e9colt\u00e9 en ao\u00fbt. \u00a0","rel":"","context":"Article similaire","block_context":{"text":"Article similaire","link":""},"img":{"alt_text":"","src":"https:\/\/i0.wp.com\/miel-le-goupil.fr\/wp-content\/uploads\/2024\/01\/img_8626-1-scaled.jpeg?fit=724%2C1200&ssl=1&resize=350%2C200","width":350,"height":200,"srcset":"https:\/\/i0.wp.com\/miel-le-goupil.fr\/wp-content\/uploads\/2024\/01\/img_8626-1-scaled.jpeg?fit=724%2C1200&ssl=1&resize=350%2C200 1x, https:\/\/i0.wp.com\/miel-le-goupil.fr\/wp-content\/uploads\/2024\/01\/img_8626-1-scaled.jpeg?fit=724%2C1200&ssl=1&resize=525%2C300 1.5x, https:\/\/i0.wp.com\/miel-le-goupil.fr\/wp-content\/uploads\/2024\/01\/img_8626-1-scaled.jpeg?fit=724%2C1200&ssl=1&resize=700%2C400 2x"},"classes":[]},{"id":62,"url":"https:\/\/miel-le-goupil.fr\/index.php\/product\/reine-en-ponte\/","url_meta":{"origin":2103,"position":5},"title":"Reine en ponte","author":"goupil.thomas","date":"9 janvier 2024","format":false,"excerpt":"Celle-ci est \u00e9lev\u00e9e dans une ruchette de f\u00e9condation. Contr\u00f4le de la ponte pour confirmer son bon accouplement. Elle sera marqu\u00e9e de la couleur correspondante \u00e0 l'ann\u00e9e. Les reines sont\u00a0issues d'un picking sur une ruche s\u00e9lectionn\u00e9e pour la qualit\u00e9 de la ponte, la douceur et la productivit\u00e9. merci de prendre contact\u2026","rel":"","context":"Article similaire","block_context":{"text":"Article similaire","link":""},"img":{"alt_text":"","src":"https:\/\/i0.wp.com\/miel-le-goupil.fr\/wp-content\/uploads\/2024\/06\/img_1850-scaled.jpeg?fit=900%2C1200&ssl=1&resize=350%2C200","width":350,"height":200,"srcset":"https:\/\/i0.wp.com\/miel-le-goupil.fr\/wp-content\/uploads\/2024\/06\/img_1850-scaled.jpeg?fit=900%2C1200&ssl=1&resize=350%2C200 1x, https:\/\/i0.wp.com\/miel-le-goupil.fr\/wp-content\/uploads\/2024\/06\/img_1850-scaled.jpeg?fit=900%2C1200&ssl=1&resize=525%2C300 1.5x, https:\/\/i0.wp.com\/miel-le-goupil.fr\/wp-content\/uploads\/2024\/06\/img_1850-scaled.jpeg?fit=900%2C1200&ssl=1&resize=700%2C400 2x"},"classes":[]}],"_links":{"self":[{"href":"https:\/\/miel-le-goupil.fr\/index.php\/wp-json\/wp\/v2\/product\/2103","targetHints":{"allow":["GET"]}}],"collection":[{"href":"https:\/\/miel-le-goupil.fr\/index.php\/wp-json\/wp\/v2\/product"}],"about":[{"href":"https:\/\/miel-le-goupil.fr\/index.php\/wp-json\/wp\/v2\/types\/product"}],"replies":[{"embeddable":true,"href":"https:\/\/miel-le-goupil.fr\/index.php\/wp-json\/wp\/v2\/comments?post=2103"}],"wp:featuredmedia":[{"embeddable":true,"href":"https:\/\/miel-le-goupil.fr\/index.php\/wp-json\/wp\/v2\/media\/1575"}],"wp:attachment":[{"href":"https:\/\/miel-le-goupil.fr\/index.php\/wp-json\/wp\/v2\/media?parent=2103"}],"wp:term":[{"taxonomy":"product_brand","embeddable":true,"href":"https:\/\/miel-le-goupil.fr\/index.php\/wp-json\/wp\/v2\/product_brand?post=2103"},{"taxonomy":"product_cat","embeddable":true,"href":"https:\/\/miel-le-goupil.fr\/index.php\/wp-json\/wp\/v2\/product_cat?post=2103"},{"taxonomy":"product_tag","embeddable":true,"href":"https:\/\/miel-le-goupil.fr\/index.php\/wp-json\/wp\/v2\/product_tag?post=2103"}],"curies":[{"name":"wp","href":"https:\/\/api.w.org\/{rel}","templated":true}]}}